{"id":696,"date":"2016-05-22T20:13:29","date_gmt":"2016-05-22T20:13:29","guid":{"rendered":"http:\/\/www.catherine-mainguy.fr\/galerie-cmainguy\/?page_id=696"},"modified":"2016-05-22T20:48:18","modified_gmt":"2016-05-22T20:48:18","slug":"sebastien-layral","status":"publish","type":"page","link":"http:\/\/www.catherine-mainguy.fr\/galerie-cmainguy\/sebastien-layral\/","title":{"rendered":"SEBASTIEN LAYRAL"},"content":{"rendered":"<div class=\"wpb-content-wrapper\"><p>[vc_row bg_type=\u00a0\u00bbno_bg\u00a0\u00bb row_parallax_speed=\u00a0\u00bb1&Prime; content_width=\u00a0\u00bbdefault\u00a0\u00bb css=\u00a0\u00bb.vc_custom_1418868503434{margin-top: -150px !important;}\u00a0\u00bb][vc_column width=\u00a0\u00bb1\/3&Prime; css=\u00a0\u00bb.vc_custom_1418866906242{padding-top: 12px !important;}\u00a0\u00bb][vc_column_text]S\u00e9bastien Layral est un artiste pluridisciplinaire qui exp\u00e9rimente et questionne. En passant par la peinture, la performance, le tatouage, la video, il ouvre une voie novatrice au champ artistique en incluant son sujet activement dans le processus de cr\u00e9ation, en le mettant en action. Le mod\u00e8le devient acteur et l\u2019oeuvre devient partage, rencontre.<\/p>\n<p class=\"p1\">Exposition \u00abAVEC\u00bb participative et \u00e9volutive : les mod\u00e8les dont la moiti\u00e9 du portrait a \u00e9t\u00e9 r\u00e9alis\u00e9e par l\u2019artiste LAYRAL, viendront s\u2019exprimer librement sur leur portrait pendant le temps d\u2019exposition au travers de la peinture, l\u2019\u00e9criture, la vid\u00e9o, le collage&#8230;\u00a0Le Finissage du 9 Juillet pr\u00e9sentera l\u2019ensemble de cette collaboration. L\u2019intervention, du premier mod\u00e8le sur son portrait aura lieu pendant le vernissage de l\u2019exposition sous forme de performance.<\/p>\n<p>[\/vc_column_text][\/vc_column][vc_column width=\u00a0\u00bb1\/3&Prime; css=\u00a0\u00bb.vc_custom_1418866919529{padding-top: 12px !important;}\u00a0\u00bb][vc_column_text]<span style=\"color: #2fc99d;\"><strong>Vernissage<\/strong><\/span> le Jeudi 2\u00a0juin 2016 \u00e0 partir de 18h30<\/p>\n<p><span style=\"color: #2fc99d;\"><strong>Exposition<\/strong><\/span> du\u00a02 juin au 9 juillet 2016<\/p>\n<p><span style=\"color: #2fc99d;\"><strong>Performance<\/strong><\/span>\u00a0pendant le vernissage<\/p>\n<p>En collaboration avec le festival La Grande C\u00f4te en Solitaire, une deuxi\u00e8me performance de S\u00e9bastien LAYRAL se d\u00e9roulera le samedi 4 Juin \u00e0 14h \u00e0 l\u2019Amphith\u00e9\u00e2tre des Trois Gaules, Jardin des Plantes, 69001 Lyon, \u00abAVEC\u00bb Keely SIGOT.<\/p>\n<p><span style=\"color: #000000;\"><a style=\"color: #000000;\" title=\"LAYRAL\" href=\"http:\/\/www.layral.fr\" target=\"_blank\">www.layral.fr<\/a><\/span>[\/vc_column_text][\/vc_column][vc_column width=\u00a0\u00bb1\/3&Prime;][vc_column_text]<span style=\"color: #2fc99d;\"><strong>Avec<\/strong><\/span><\/p>\n<p class=\"p2\">Eric LACOMBE,\u00a0Estelle DELON,\u00a0Marion DOBELMANN,\u00a0J\u00e9r\u00f4me STRIBY,\u00a0Elodie MAS,\u00a0Guillaume DUCREUX,\u00a0Victoire VINCENT,\u00a0Richard BOITEUX,\u00a0Fanny BASSETTI,\u00a0Laetitia CHASSARD,\u00a0C\u00e9cile GAULTIER,\u00a0Laurence PAPOUTCHIAN,\u00a0Nadia NYS,\u00a0Caroline BOHLY,\u00a0J-Charles JACQUEMARD,\u00a0Meedy SIGOT,\u00a0Julien CAJA,\u00a0Lucie LEMOINE,\u00a0Sophie GASSELIN,\u00a0Camille JOURDAN,\u00a0Lila GHELLAL,\u00a0Elisa MAINGUY<\/p>\n<p>[\/vc_column_text][\/vc_column][\/vc_row][vc_row css=\u00a0\u00bb.vc_custom_1423866945621{margin-top: 50px !important;}\u00a0\u00bb bg_type=\u00a0\u00bbimage\u00a0\u00bb row_parallax_speed=\u00a0\u00bb1&Prime; content_width=\u00a0\u00bbdefault\u00a0\u00bb][vc_column width=\u00a0\u00bb1\/1&Prime;]<div class=\"my-animation fadeInRight\"><div class='infobox-1 default'><header><img src='http:\/\/www.catherine-mainguy.fr\/galerie-cmainguy\/wp-content\/uploads\/2016\/05\/844-AVEC-STRIBY-2016-Huile-sur-lin-73x60.jpg' alt='' class='img-responsive' \/><\/header><h5 >AVEC STRIBY 2016, Huile sur lin, 73x60<\/h5><\/div><\/div>[\/vc_column][\/vc_row][vc_row css=\u00a0\u00bb.vc_custom_1423866945621{margin-top: 50px !important;}\u00a0\u00bb bg_type=\u00a0\u00bbimage\u00a0\u00bb row_parallax_speed=\u00a0\u00bb1&Prime; content_width=\u00a0\u00bbdefault\u00a0\u00bb][vc_column width=\u00a0\u00bb1\/1&Prime;]<div class=\"my-animation fadeInRight\"><div class='infobox-1 default'><header><img src='http:\/\/www.catherine-mainguy.fr\/galerie-cmainguy\/wp-content\/uploads\/2016\/05\/843-AVEC-VINCENT-2016-Huile-sur-lin-73x60.jpg' alt='' class='img-responsive' \/><\/header><h5 >AVEC VINCENT 2016, Huile sur lin, 73x60<\/h5><\/div><\/div>[\/vc_column][\/vc_row][vc_row css=\u00a0\u00bb.vc_custom_1423866945621{margin-top: 50px !important;}\u00a0\u00bb bg_type=\u00a0\u00bbimage\u00a0\u00bb row_parallax_speed=\u00a0\u00bb1&Prime; content_width=\u00a0\u00bbdefault\u00a0\u00bb][vc_column width=\u00a0\u00bb1\/1&Prime;]<div class=\"my-animation fadeInRight\"><div class='infobox-1 default'><header><img src='http:\/\/www.catherine-mainguy.fr\/galerie-cmainguy\/wp-content\/uploads\/2016\/05\/842-AVEC-PAOUTCHIAN-2016-Huile-sur-lin-41x33.jpg' alt='' class='img-responsive' \/><\/header><h5 >AVEC PAOUTCHIAN 2016, Huile sur lin, 41x33<\/h5><\/div><\/div>[\/vc_column][\/vc_row][vc_row css=\u00a0\u00bb.vc_custom_1423866945621{margin-top: 50px !important;}\u00a0\u00bb bg_type=\u00a0\u00bbimage\u00a0\u00bb row_parallax_speed=\u00a0\u00bb1&Prime; content_width=\u00a0\u00bbdefault\u00a0\u00bb][vc_column width=\u00a0\u00bb1\/1&Prime;]<div class=\"my-animation fadeInRight\"><div class='infobox-1 default'><header><img src='http:\/\/www.catherine-mainguy.fr\/galerie-cmainguy\/wp-content\/uploads\/2016\/05\/841-AVEC-GASSELIN-2016-Huile-sur-lin-41x33.jpg' alt='' class='img-responsive' \/><\/header><h5 >AVEC GASSELIN 2016, Huile sur lin, 41x33<\/h5><\/div><\/div>[\/vc_column][\/vc_row][vc_row css=\u00a0\u00bb.vc_custom_1423866945621{margin-top: 50px !important;}\u00a0\u00bb bg_type=\u00a0\u00bbimage\u00a0\u00bb row_parallax_speed=\u00a0\u00bb1&Prime; content_width=\u00a0\u00bbdefault\u00a0\u00bb][vc_column width=\u00a0\u00bb1\/1&Prime;]<div class=\"my-animation fadeInRight\"><div class='infobox-1 default'><header><img src='http:\/\/www.catherine-mainguy.fr\/galerie-cmainguy\/wp-content\/uploads\/2016\/05\/840-AVEC-SIGOT-2016-Huile-sur-lin-41x33.jpg' alt='' class='img-responsive' \/><\/header><h5 >AVEC SIGOT 2016, Huile sur lin, 41x33<\/h5><\/div><\/div>[\/vc_column][\/vc_row][vc_row css=\u00a0\u00bb.vc_custom_1423866945621{margin-top: 50px !important;}\u00a0\u00bb bg_type=\u00a0\u00bbimage\u00a0\u00bb row_parallax_speed=\u00a0\u00bb1&Prime; content_width=\u00a0\u00bbdefault\u00a0\u00bb][vc_column width=\u00a0\u00bb1\/1&Prime;]<div class=\"my-animation fadeInRight\"><div class='infobox-1 default'><header><img src='http:\/\/www.catherine-mainguy.fr\/galerie-cmainguy\/wp-content\/uploads\/2016\/05\/839-AVEC-JACQUEMARD-2016-Huile-sur-lin-41x33.jpg' alt='' class='img-responsive' \/><\/header><h5 >AVEC JACQUEMARD 2016, Huile sur lin, 41x33<\/h5><\/div><\/div>[\/vc_column][\/vc_row][vc_row css=\u00a0\u00bb.vc_custom_1423866945621{margin-top: 50px !important;}\u00a0\u00bb bg_type=\u00a0\u00bbimage\u00a0\u00bb row_parallax_speed=\u00a0\u00bb1&Prime; content_width=\u00a0\u00bbdefault\u00a0\u00bb][vc_column width=\u00a0\u00bb1\/1&Prime;]<div class=\"my-animation fadeInRight\"><div class='infobox-1 default'><header><img src='http:\/\/www.catherine-mainguy.fr\/galerie-cmainguy\/wp-content\/uploads\/2016\/05\/838-AVEC-LEMOINE-2016-Huile-sur-lin-41x33.jpg' alt='' class='img-responsive' \/><\/header><h5 >AVEC LEMOINE 2016, Huile sur lin, 41x33<\/h5><\/div><\/div>[\/vc_column][\/vc_row][vc_row css=\u00a0\u00bb.vc_custom_1423866945621{margin-top: 50px !important;}\u00a0\u00bb bg_type=\u00a0\u00bbimage\u00a0\u00bb row_parallax_speed=\u00a0\u00bb1&Prime; content_width=\u00a0\u00bbdefault\u00a0\u00bb][vc_column width=\u00a0\u00bb1\/1&Prime;]<div class=\"my-animation fadeInRight\"><div class='infobox-1 default'><header><img src='http:\/\/www.catherine-mainguy.fr\/galerie-cmainguy\/wp-content\/uploads\/2016\/05\/837-AVEC-NYS-2016-Huile-sur-lin-41x33.jpg' alt='' class='img-responsive' \/><\/header><h5 >AVEC NYS 2016, Huile sur lin, 41x33<\/h5><\/div><\/div>[\/vc_column][\/vc_row][vc_row css=\u00a0\u00bb.vc_custom_1423866945621{margin-top: 50px !important;}\u00a0\u00bb bg_type=\u00a0\u00bbimage\u00a0\u00bb row_parallax_speed=\u00a0\u00bb1&Prime; content_width=\u00a0\u00bbdefault\u00a0\u00bb][vc_column width=\u00a0\u00bb1\/1&Prime;]<div class=\"my-animation fadeInRight\"><div class='infobox-1 default'><header><img src='http:\/\/www.catherine-mainguy.fr\/galerie-cmainguy\/wp-content\/uploads\/2016\/05\/836-AVEC-DUCREUX-2016-Huile-sur-lin-73x60.jpg' alt='' class='img-responsive' \/><\/header><h5 >AVEC DUCREUX 2016, Huile sur lin, 73x60<\/h5><\/div><\/div>[\/vc_column][\/vc_row][vc_row css=\u00a0\u00bb.vc_custom_1423866945621{margin-top: 50px !important;}\u00a0\u00bb bg_type=\u00a0\u00bbimage\u00a0\u00bb row_parallax_speed=\u00a0\u00bb1&Prime; content_width=\u00a0\u00bbdefault\u00a0\u00bb][vc_column width=\u00a0\u00bb1\/1&Prime;]<div class=\"my-animation fadeInRight\"><div class='infobox-1 default'><header><img src='http:\/\/www.catherine-mainguy.fr\/galerie-cmainguy\/wp-content\/uploads\/2016\/05\/835-AVEC-MASS-2016-Huile-sur-lin-73x60.jpg' alt='' class='img-responsive' \/><\/header><h5 >AVEC MASS 2016, Huile sur lin, 73x60<\/h5><\/div><\/div>[\/vc_column][\/vc_row][vc_row css=\u00a0\u00bb.vc_custom_1423866945621{margin-top: 50px !important;}\u00a0\u00bb bg_type=\u00a0\u00bbimage\u00a0\u00bb row_parallax_speed=\u00a0\u00bb1&Prime; content_width=\u00a0\u00bbdefault\u00a0\u00bb][vc_column width=\u00a0\u00bb1\/1&Prime;]<div class=\"my-animation fadeInRight\"><div class='infobox-1 default'><header><img src='http:\/\/www.catherine-mainguy.fr\/galerie-cmainguy\/wp-content\/uploads\/2016\/05\/834-AVEC-GAULTIER-2016-Huile-sur-lin-41x33.jpg' alt='' class='img-responsive' \/><\/header><h5 >AVEC GAULTIER 2016, Huile sur lin, 41x33<\/h5><\/div><\/div>[\/vc_column][\/vc_row][vc_row css=\u00a0\u00bb.vc_custom_1423866945621{margin-top: 50px !important;}\u00a0\u00bb bg_type=\u00a0\u00bbimage\u00a0\u00bb row_parallax_speed=\u00a0\u00bb1&Prime; content_width=\u00a0\u00bbdefault\u00a0\u00bb][vc_column width=\u00a0\u00bb1\/1&Prime;]<div class=\"my-animation fadeInRight\"><div class='infobox-1 default'><header><img src='http:\/\/www.catherine-mainguy.fr\/galerie-cmainguy\/wp-content\/uploads\/2016\/05\/833-AVEC-DOBELMANN-2016-Huile-sur-lin-73x60.jpg' alt='' class='img-responsive' \/><\/header><h5 >AVEC DOBELMANN 2016, Huile sur lin, 73x60<\/h5><\/div><\/div>[\/vc_column][\/vc_row][vc_row css=\u00a0\u00bb.vc_custom_1423866945621{margin-top: 50px !important;}\u00a0\u00bb bg_type=\u00a0\u00bbimage\u00a0\u00bb row_parallax_speed=\u00a0\u00bb1&Prime; content_width=\u00a0\u00bbdefault\u00a0\u00bb][vc_column width=\u00a0\u00bb1\/1&Prime;]<div class=\"my-animation fadeInRight\"><div class='infobox-1 default'><header><img src='http:\/\/www.catherine-mainguy.fr\/galerie-cmainguy\/wp-content\/uploads\/2016\/05\/825-AVEC-DELON-2016-Huile-sur-toile-92x73.jpg' alt='' class='img-responsive' \/><\/header><h5 >AVEC DELON 2016, Huile sur toile, 92x73<\/h5><\/div><\/div>[\/vc_column][\/vc_row][vc_row css=\u00a0\u00bb.vc_custom_1423866945621{margin-top: 50px !important;}\u00a0\u00bb bg_type=\u00a0\u00bbimage\u00a0\u00bb row_parallax_speed=\u00a0\u00bb1&Prime; content_width=\u00a0\u00bbdefault\u00a0\u00bb][vc_column width=\u00a0\u00bb1\/1&Prime;]<div class=\"my-animation fadeInRight\"><div class='infobox-1 default'><header><img src='http:\/\/www.catherine-mainguy.fr\/galerie-cmainguy\/wp-content\/uploads\/2016\/05\/820-AVEC-GHELLAL-2016-Huile-sur-lin-41x33.jpg' alt='' class='img-responsive' \/><\/header><h5 >AVEC GHELLAL 2016, Huile sur lin, 41x33<\/h5><\/div><\/div>[\/vc_column][\/vc_row][vc_row css=\u00a0\u00bb.vc_custom_1423866945621{margin-top: 50px !important;}\u00a0\u00bb bg_type=\u00a0\u00bbimage\u00a0\u00bb row_parallax_speed=\u00a0\u00bb1&Prime; content_width=\u00a0\u00bbdefault\u00a0\u00bb][vc_column width=\u00a0\u00bb1\/1&Prime;]<div class=\"my-animation fadeInRight\"><div class='infobox-1 default'><header><img src='http:\/\/www.catherine-mainguy.fr\/galerie-cmainguy\/wp-content\/uploads\/2016\/05\/819-AVEC-JOURDAN-2016-Huile-sur-lin-41x33.jpg' alt='' class='img-responsive' \/><\/header><h5 >AVEC JOURDAN 2016, Huile sur lin, 41x33<\/h5><\/div><\/div>[\/vc_column][\/vc_row][vc_row css=\u00a0\u00bb.vc_custom_1423866945621{margin-top: 50px !important;}\u00a0\u00bb bg_type=\u00a0\u00bbimage\u00a0\u00bb row_parallax_speed=\u00a0\u00bb1&Prime; content_width=\u00a0\u00bbdefault\u00a0\u00bb][vc_column width=\u00a0\u00bb1\/1&Prime;]<div class=\"my-animation fadeInRight\"><div class='infobox-1 default'><header><img src='http:\/\/www.catherine-mainguy.fr\/galerie-cmainguy\/wp-content\/uploads\/2016\/05\/818-AVEC-CHASSARD-2016-Huile-sur-lin-41x33.jpg' alt='' class='img-responsive' \/><\/header><h5 >AVEC CHASSARD 2016, Huile sur lin, 41x33<\/h5><\/div><\/div>[\/vc_column][\/vc_row][vc_row css=\u00a0\u00bb.vc_custom_1423866945621{margin-top: 50px !important;}\u00a0\u00bb bg_type=\u00a0\u00bbimage\u00a0\u00bb row_parallax_speed=\u00a0\u00bb1&Prime; content_width=\u00a0\u00bbdefault\u00a0\u00bb][vc_column width=\u00a0\u00bb1\/1&Prime;]<div class=\"my-animation fadeInRight\"><div class='infobox-1 default'><header><img src='http:\/\/www.catherine-mainguy.fr\/galerie-cmainguy\/wp-content\/uploads\/2016\/05\/816-AVEC-MAINGUY-Huile-sur-lin-41x331614x12992016.jpg' alt='' class='img-responsive' \/><\/header><h5 >AVEC MAINGUY 2016, Huile sur lin, 41x33<\/h5><\/div><\/div>[\/vc_column][\/vc_row][vc_row css=\u00a0\u00bb.vc_custom_1423866945621{margin-top: 50px !important;}\u00a0\u00bb bg_type=\u00a0\u00bbimage\u00a0\u00bb row_parallax_speed=\u00a0\u00bb1&Prime; content_width=\u00a0\u00bbdefault\u00a0\u00bb][vc_column width=\u00a0\u00bb1\/1&Prime;]<div class=\"my-animation fadeInRight\"><div class='infobox-1 default'><header><img src='http:\/\/www.catherine-mainguy.fr\/galerie-cmainguy\/wp-content\/uploads\/2016\/05\/814-AVEC-LACOMBE-Huile-sur-lin-92x733622x28742016.jpg' alt='' class='img-responsive' \/><\/header><h5 >AVEC LACOMBE 2016, Huile sur lin, 92x73<\/h5><\/div><\/div>[\/vc_column][\/vc_row][vc_row css=\u00a0\u00bb.vc_custom_1423866945621{margin-top: 50px !important;}\u00a0\u00bb bg_type=\u00a0\u00bbimage\u00a0\u00bb row_parallax_speed=\u00a0\u00bb1&Prime; content_width=\u00a0\u00bbdefault\u00a0\u00bb][vc_column width=\u00a0\u00bb1\/1&Prime;]<div class=\"my-animation fadeInRight\"><div class='infobox-1 default'><header><img src='http:\/\/www.catherine-mainguy.fr\/galerie-cmainguy\/wp-content\/uploads\/2016\/05\/813-AVEC-CAJA-Huile-sur-lin-41x331614x12992016.jpg' alt='' class='img-responsive' \/><\/header><h5 >AVEC CAJA 2016, Huile sur lin, 41x33<\/h5><\/div><\/div>[\/vc_column][\/vc_row][vc_row css=\u00a0\u00bb.vc_custom_1423866945621{margin-top: 50px !important;}\u00a0\u00bb bg_type=\u00a0\u00bbimage\u00a0\u00bb row_parallax_speed=\u00a0\u00bb1&Prime; content_width=\u00a0\u00bbdefault\u00a0\u00bb][vc_column width=\u00a0\u00bb1\/1&Prime;]<div class=\"my-animation fadeInRight\"><div class='infobox-1 default'><header><img src='http:\/\/www.catherine-mainguy.fr\/galerie-cmainguy\/wp-content\/uploads\/2016\/05\/808-AVEC-BOITEUX-Huile-sur-lin-73x542874x21252016.jpg' alt='' class='img-responsive' \/><\/header><h5 >AVEC BOITEUX 2016, Huile sur lin, 73x54<\/h5><\/div><\/div>[\/vc_column][\/vc_row][vc_row css=\u00a0\u00bb.vc_custom_1423866945621{margin-top: 50px !important;}\u00a0\u00bb bg_type=\u00a0\u00bbimage\u00a0\u00bb row_parallax_speed=\u00a0\u00bb1&Prime; content_width=\u00a0\u00bbdefault\u00a0\u00bb][vc_column width=\u00a0\u00bb1\/1&Prime;]<div class=\"my-animation fadeInRight\"><div class='infobox-1 default'><header><img src='http:\/\/www.catherine-mainguy.fr\/galerie-cmainguy\/wp-content\/uploads\/2016\/05\/806-AVEC-BOHLY-Huile-sur-lin-41x331614x12992016.jpg.jpg' alt='' class='img-responsive' \/><\/header><h5 >AVEC BOHLY 2016, Huile sur lin, 41x33<\/h5><\/div><\/div>[\/vc_column][\/vc_row][vc_row css=\u00a0\u00bb.vc_custom_1423866945621{margin-top: 50px !important;}\u00a0\u00bb bg_type=\u00a0\u00bbimage\u00a0\u00bb row_parallax_speed=\u00a0\u00bb1&Prime; content_width=\u00a0\u00bbdefault\u00a0\u00bb][vc_column width=\u00a0\u00bb1\/1&Prime;]<div class=\"my-animation fadeInRight\"><div class='infobox-1 default'><header><img src='http:\/\/www.catherine-mainguy.fr\/galerie-cmainguy\/wp-content\/uploads\/2016\/05\/805-AVEC-BASSETI-Huile-sur-lin-41x331614x12992016.jpg' alt='' class='img-responsive' \/><\/header><h5 >AVEC BASSETI 2016, Huile sur lin, 41x33<\/h5><\/div><\/div>[\/vc_column][\/vc_row]<\/p>\n<\/div>","protected":false},"excerpt":{"rendered":"<p>[vc_row bg_type=\u00a0\u00bbno_bg\u00a0\u00bb row_parallax_speed=\u00a0\u00bb1&Prime; content_width=\u00a0\u00bbdefault\u00a0\u00bb css=\u00a0\u00bb.vc_custom_1418868503434{margin-top: -150px !important;}\u00a0\u00bb][vc_column width=\u00a0\u00bb1\/3&Prime; css=\u00a0\u00bb.vc_custom_1418866906242{padding-top: 12px !important;}\u00a0\u00bb][vc_column_text]S\u00e9bastien Layral est un artiste pluridisciplinaire qui exp\u00e9rimente et questionne. En passant par la peinture, la performance, le tatouage, la video, il ouvre une voie novatrice au champ artistique en incluant son sujet activement dans le processus de cr\u00e9ation, en [&hellip;]<\/p>\n","protected":false},"author":1,"featured_media":0,"parent":0,"menu_order":0,"comment_status":"open","ping_status":"closed","template":"","meta":{"footnotes":""},"class_list":["post-696","page","type-page","status-publish","hentry"],"_links":{"self":[{"href":"http:\/\/www.catherine-mainguy.fr\/galerie-cmainguy\/wp-json\/wp\/v2\/pages\/696"}],"collection":[{"href":"http:\/\/www.catherine-mainguy.fr\/galerie-cmainguy\/wp-json\/wp\/v2\/pages"}],"about":[{"href":"http:\/\/www.catherine-mainguy.fr\/galerie-cmainguy\/wp-json\/wp\/v2\/types\/page"}],"author":[{"embeddable":true,"href":"http:\/\/www.catherine-mainguy.fr\/galerie-cmainguy\/wp-json\/wp\/v2\/users\/1"}],"replies":[{"embeddable":true,"href":"http:\/\/www.catherine-mainguy.fr\/galerie-cmainguy\/wp-json\/wp\/v2\/comments?post=696"}],"version-history":[{"count":7,"href":"http:\/\/www.catherine-mainguy.fr\/galerie-cmainguy\/wp-json\/wp\/v2\/pages\/696\/revisions"}],"predecessor-version":[{"id":727,"href":"http:\/\/www.catherine-mainguy.fr\/galerie-cmainguy\/wp-json\/wp\/v2\/pages\/696\/revisions\/727"}],"wp:attachment":[{"href":"http:\/\/www.catherine-mainguy.fr\/galerie-cmainguy\/wp-json\/wp\/v2\/media?parent=696"}],"curies":[{"name":"wp","href":"https:\/\/api.w.org\/{rel}","templated":true}]}}