{"id":641,"date":"2015-02-14T18:36:20","date_gmt":"2015-02-14T18:36:20","guid":{"rendered":"http:\/\/www.catherine-mainguy.fr\/galerie-cmainguy\/?page_id=641"},"modified":"2015-02-14T19:03:50","modified_gmt":"2015-02-14T19:03:50","slug":"catherine-mainguy","status":"publish","type":"page","link":"http:\/\/www.catherine-mainguy.fr\/galerie-cmainguy\/catherine-mainguy\/","title":{"rendered":"CATHERINE MAINGUY"},"content":{"rendered":"<div class=\"wpb-content-wrapper\"><p>[vc_row bg_type=\u00a0\u00bbno_bg\u00a0\u00bb row_parallax_speed=\u00a0\u00bb1&Prime; content_width=\u00a0\u00bbdefault\u00a0\u00bb css=\u00a0\u00bb.vc_custom_1418868503434{margin-top: -150px !important;}\u00a0\u00bb][vc_column width=\u00a0\u00bb1\/3&Prime; css=\u00a0\u00bb.vc_custom_1418866906242{padding-top: 12px !important;}\u00a0\u00bb][vc_column_text]<span style=\"color: #2fc99d;\">Peintre,\u00a0vit et travaille \u00e0 Lyon<\/span><\/p>\n<p>Catherine Mainguy\u00a0envisage son\u00a0travail pictural comme l\u2019expression de l\u2019univers des possibles et des notions de \u201ctransition\u201d, de \u201cpassage\u201d; naviguant \u00e0 la limite du tangible, aux fronti\u00e8res de la r\u00e9alit\u00e9 de notre quotidien et du niveau de conscience de l\u2019Homme. Son travail r\u00e9cent met\u00a0en sc\u00e8ne des sujets conservant volontairement l\u2019anonymat de la fugacit\u00e9 environnante, au sein d\u2019\u00e9tranges atmosph\u00e8res urbaines.[\/vc_column_text][\/vc_column][vc_column width=\u00a0\u00bb1\/3&Prime; css=\u00a0\u00bb.vc_custom_1418866919529{padding-top: 12px !important;}\u00a0\u00bb][vc_column_text]C\u2019est une forme d\u2019effacement, de pr\u00e9sence dans l\u2019absence, de rapidit\u00e9 de l\u2019instant, qui pr\u00e9domine; une sorte d\u2019esth\u00e9tique de la disparition.<\/p>\n<p><span style=\"color: #2fc99d;\"><strong>Vernissage<\/strong><\/span> le Jeudi 4 juin\u00a02015 \u00e0 partir de 18h30<\/p>\n<p><span style=\"color: #2fc99d;\"><strong>Exposition<\/strong><\/span> du 4 juin\u00a0au 25 juillet\u00a02015<\/p>\n<p>www.catherine-mainguy.fr[\/vc_column_text][\/vc_column][vc_column width=\u00a0\u00bb1\/3&Prime;][vc_column_text]<\/p>\n<p style=\"text-align: center;\">[layerslider id=\u00a0\u00bb13&Prime;]<\/p>\n<p>[\/vc_column_text][\/vc_column][\/vc_row][vc_row css=\u00a0\u00bb.vc_custom_1423940074597{margin-top: 50px !important;padding-top: 450px !important;padding-bottom: 450px !important;}\u00a0\u00bb bg_type=\u00a0\u00bbimage\u00a0\u00bb bg_image_new=\u00a0\u00bb649&Prime; row_parallax_speed=\u00a0\u00bb1&Prime; content_width=\u00a0\u00bbdefault\u00a0\u00bb][vc_column width=\u00a0\u00bb1\/1&Prime;]<div class=\"my-animation fadeInLeft\"><div class='infobox-1 default'><\/div><\/div>[\/vc_column][\/vc_row][vc_row css=\u00a0\u00bb.vc_custom_1423940132175{margin-top: 50px !important;padding-top: 450px !important;padding-bottom: 450px !important;}\u00a0\u00bb bg_type=\u00a0\u00bbimage\u00a0\u00bb bg_image_new=\u00a0\u00bb648&Prime; row_parallax_speed=\u00a0\u00bb1&Prime; content_width=\u00a0\u00bbdefault\u00a0\u00bb][vc_column width=\u00a0\u00bb1\/1&Prime;]<div class=\"my-animation fadeInLeft\"><div class='infobox-1 default'><\/div><\/div>[\/vc_column][\/vc_row][vc_row css=\u00a0\u00bb.vc_custom_1423940169975{margin-top: 50px !important;padding-top: 450px !important;padding-bottom: 450px !important;}\u00a0\u00bb bg_type=\u00a0\u00bbimage\u00a0\u00bb bg_image_new=\u00a0\u00bb650&Prime; row_parallax_speed=\u00a0\u00bb1&Prime; content_width=\u00a0\u00bbdefault\u00a0\u00bb][vc_column width=\u00a0\u00bb1\/1&Prime;]<div class=\"my-animation fadeInLeft\"><div class='infobox-1 default'><\/div><\/div>[\/vc_column][\/vc_row][vc_row css=\u00a0\u00bb.vc_custom_1423940180562{margin-top: 50px !important;padding-top: 450px !important;padding-bottom: 450px !important;}\u00a0\u00bb bg_type=\u00a0\u00bbimage\u00a0\u00bb bg_image_new=\u00a0\u00bb651&Prime; row_parallax_speed=\u00a0\u00bb1&Prime; content_width=\u00a0\u00bbdefault\u00a0\u00bb][vc_column width=\u00a0\u00bb1\/1&Prime;]<div class=\"my-animation fadeInLeft\"><div class='infobox-1 default'><\/div><\/div>[\/vc_column][\/vc_row][vc_row css=\u00a0\u00bb.vc_custom_1423940188290{margin-top: 50px !important;padding-top: 450px !important;padding-bottom: 450px !important;}\u00a0\u00bb bg_type=\u00a0\u00bbimage\u00a0\u00bb bg_image_new=\u00a0\u00bb647&Prime; row_parallax_speed=\u00a0\u00bb1&Prime; content_width=\u00a0\u00bbdefault\u00a0\u00bb][vc_column width=\u00a0\u00bb1\/1&Prime;]<div class=\"my-animation fadeInLeft\"><div class='infobox-1 default'><\/div><\/div>[\/vc_column][\/vc_row]<\/p>\n<\/div>","protected":false},"excerpt":{"rendered":"<p>[vc_row bg_type=\u00a0\u00bbno_bg\u00a0\u00bb row_parallax_speed=\u00a0\u00bb1&Prime; content_width=\u00a0\u00bbdefault\u00a0\u00bb css=\u00a0\u00bb.vc_custom_1418868503434{margin-top: -150px !important;}\u00a0\u00bb][vc_column width=\u00a0\u00bb1\/3&Prime; css=\u00a0\u00bb.vc_custom_1418866906242{padding-top: 12px !important;}\u00a0\u00bb][vc_column_text]Peintre,\u00a0vit et travaille \u00e0 Lyon Catherine Mainguy\u00a0envisage son\u00a0travail pictural comme l\u2019expression de l\u2019univers des possibles et des notions de \u201ctransition\u201d, de \u201cpassage\u201d; naviguant \u00e0 la limite du tangible, aux fronti\u00e8res de la r\u00e9alit\u00e9 de notre quotidien et du niveau de [&hellip;]<\/p>\n","protected":false},"author":1,"featured_media":0,"parent":0,"menu_order":0,"comment_status":"open","ping_status":"open","template":"","meta":{"footnotes":""},"class_list":["post-641","page","type-page","status-publish","hentry"],"_links":{"self":[{"href":"http:\/\/www.catherine-mainguy.fr\/galerie-cmainguy\/wp-json\/wp\/v2\/pages\/641"}],"collection":[{"href":"http:\/\/www.catherine-mainguy.fr\/galerie-cmainguy\/wp-json\/wp\/v2\/pages"}],"about":[{"href":"http:\/\/www.catherine-mainguy.fr\/galerie-cmainguy\/wp-json\/wp\/v2\/types\/page"}],"author":[{"embeddable":true,"href":"http:\/\/www.catherine-mainguy.fr\/galerie-cmainguy\/wp-json\/wp\/v2\/users\/1"}],"replies":[{"embeddable":true,"href":"http:\/\/www.catherine-mainguy.fr\/galerie-cmainguy\/wp-json\/wp\/v2\/comments?post=641"}],"version-history":[{"count":8,"href":"http:\/\/www.catherine-mainguy.fr\/galerie-cmainguy\/wp-json\/wp\/v2\/pages\/641\/revisions"}],"predecessor-version":[{"id":661,"href":"http:\/\/www.catherine-mainguy.fr\/galerie-cmainguy\/wp-json\/wp\/v2\/pages\/641\/revisions\/661"}],"wp:attachment":[{"href":"http:\/\/www.catherine-mainguy.fr\/galerie-cmainguy\/wp-json\/wp\/v2\/media?parent=641"}],"curies":[{"name":"wp","href":"https:\/\/api.w.org\/{rel}","templated":true}]}}